{"id":616,"date":"2021-06-14T14:11:13","date_gmt":"2021-06-14T14:11:13","guid":{"rendered":"https:\/\/lonkigraphics.de\/?page_id=616"},"modified":"2024-10-28T09:10:37","modified_gmt":"2024-10-28T09:10:37","slug":"datenschutz","status":"publish","type":"page","link":"https:\/\/lonkigraphics.de\/?page_id=616","title":{"rendered":"Datenschutz"},"content":{"rendered":"\n<h4 class=\"wp-block-heading\">I Allgemeine Informationen<\/h4>\n\n\n\n<h6 class=\"wp-block-heading has-text-align-left has-small-font-size\">Datenschutz ist ein wichtiges Thema. Im Folgenden informieren wir \u00fcber die Erhebung personenbezogener Daten bei der Nutzung unserer Website. \u201ePersonenbezogene Daten\u201c sind s\u00e4mtliche Daten, die auf Sie pers\u00f6nlich beziehbar sind.<br><br><strong>Verantwortlicher gem.\u00a0<\/strong><br><strong>Art.\u00a04\u00a0Abs.\u00a07 DSGVO<\/strong><br>lonkigraphics<br>Ilonka Williams<br>Lindenbergstra\u00dfe<br>42499 H\u00fcckeswagen<br><br>Mail: info(at)lonkigraphics.de<br><br>Sollten Sie Fragen zur Verarbeitung, Sicherheit oder ein Auskunftsverlangen haben, wenden Sie sich bitte direkt \u00fcber die angegebenen Kontaktwege an die genannte Person.<\/h6>\n\n\n\n<div style=\"height:40px\" aria-hidden=\"true\" class=\"wp-block-spacer\"><\/div>\n\n\n\n<h4 class=\"wp-block-heading has-text-align-left\">Rechtsgrundlagen allgemein<\/h4>\n\n\n\n<h6 class=\"wp-block-heading has-text-align-left has-small-font-size\">Bei der Verarbeitung von personenbezogenen Daten, die zur Erf\u00fcllung eines Vertrages, dessen Vertragspartei die betroffene Person ist, erforderlich ist, dient Art. 6 Abs. 1 lit. b DSGVO als Rechtsgrundlage. Dies gilt auch f\u00fcr Verarbeitungsvorg\u00e4nge, die zur Durchf\u00fchrung vorvertraglicher Ma\u00dfnahmen erforderlich sind. Ist die Verarbeitung zur Wahrung eines berechtigten Interesses unseres Unternehmens oder eines Dritten erforderlich und \u00fcberwiegen die Interessen, Grundrechte und Grundfreiheiten des Betroffenen das erstgenannte Interesse nicht, so dient Art. 6 Abs. 1 lit. f DSGVO als Rechtsgrundlage f\u00fcr die Verarbeitung. Dies ist insbesondere auch dann der Fall, wenn wir Tracking zur Optimierung der Internetseite oder zur Reichweitenmessung eines Newsletters betreiben sowie bei entsprechender Direktwerbung.<br><br>Soweit eine Verarbeitung personenbezogener Daten zur Erf\u00fcllung einer rechtlichen Verpflichtung erforderlich ist, der unser Unternehmen unterliegt, dient Art. 6 Abs. 1 lit. c DSGVO als Rechtsgrundlage.<br><br>F\u00fcr den Fall, dass lebenswichtige Interessen der betroffenen Person oder einer anderen nat\u00fcrlichen Person eine Verarbeitung personenbezogener Daten erforderlich machen, dient Art. 6 Abs. 1 lit. d DSGVO als Rechtsgrundlage.<\/h6>\n\n\n\n<div style=\"height:40px\" aria-hidden=\"true\" class=\"wp-block-spacer\"><\/div>\n\n\n\n<h4 class=\"wp-block-heading\">Ihre Rechte<\/h4>\n\n\n\n<h6 class=\"wp-block-heading has-small-font-size\">Sie haben folgende Rechte nach der DSGVO:<br><br>gem\u00e4\u00df Art. 15 DSGVO Auskunft \u00fcber Ihre von uns verarbeiteten personenbezogenen Daten zu verlangen. Insbesondere k\u00f6nnen Sie Auskunft \u00fcber die Verarbeitungszwecke, die Kategorie der personenbezogenen Daten, die Kategorien von Empf\u00e4ngern, gegen\u00fcber denen Ihre Daten offengelegt wurden oder werden, die geplante Speicherdauer, das Bestehen eines Rechts auf Berichtigung, L\u00f6schung, Einschr\u00e4nkung der Verarbeitung oder Widerspruch, das Bestehen eines Beschwerderechts, die Herkunft Ihrer Daten, sofern diese nicht bei uns erhoben wurden, sowie \u00fcber das Bestehen einer automatisierten Entscheidungsfindung einschlie\u00dflich Profiling und ggf. aussagekr\u00e4ftigen Informationen zu deren Einzelheiten verlangen;<br><br>gem\u00e4\u00df Art. 16 DSGVO unverz\u00fcglich die Berichtigung unrichtiger oder Vervollst\u00e4ndigung Ihrer bei uns gespeicherten personenbezogenen Daten zu verlangen;<br><br>gem\u00e4\u00df Art. 17 DSGVO die L\u00f6schung Ihrer bei uns gespeicherten personenbezogenen Daten zu verlangen, soweit nicht die Verarbeitung zur Aus\u00fcbung des Rechts auf freie Meinungs\u00e4u\u00dferung und Information, zur Erf\u00fcllung einer rechtlichen Verpflichtung, aus Gr\u00fcnden des \u00f6ffentlichen Interesses oder zur Geltendmachung, Aus\u00fcbung oder Verteidigung von Rechtsanspr\u00fcchen erforderlich ist;<br><br>gem\u00e4\u00df Art. 18 DSGVO die Einschr\u00e4nkung der Verarbeitung Ihrer personenbezogenen Daten zu verlangen, soweit die Richtigkeit der Daten von Ihnen bestritten wird, die Verarbeitung unrechtm\u00e4\u00dfig ist, Sie aber deren L\u00f6schung ablehnen und wir die Daten nicht mehr ben\u00f6tigen, Sie jedoch diese zur Geltendmachung, Aus\u00fcbung oder Verteidigung von Rechtsanspr\u00fcchen ben\u00f6tigen oder Sie gem\u00e4\u00df Art. 21 DSGVO Widerspruch gegen die Verarbeitung eingelegt haben;<br><br>gem\u00e4\u00df Art. 20 DSGVO Ihre personenbezogenen Daten, die Sie uns bereitgestellt haben, in einem strukturierten, g\u00e4ngigen und maschinenlesbaren Format zu erhalten oder die \u00dcbermittlung an einen anderen Verantwortlichen zu verlangen;<br><br>gem\u00e4\u00df Art. 7 Abs. 3 DSGVO Ihre einmal erteilte Einwilligung jederzeit gegen\u00fcber uns zu widerrufen. Dies hat zur Folge, dass wir die Datenverarbeitung, die auf dieser Einwilligung beruhte, f\u00fcr die Zukunft nicht mehr fortf\u00fchren d\u00fcrfen und<br><br>gem\u00e4\u00df Art. 77 DSGVO sich bei einer Aufsichtsbeh\u00f6rde zu beschweren. In der Regel k\u00f6nnen Sie sich hierf\u00fcr an die Aufsichtsbeh\u00f6rde Ihres \u00fcblichen Aufenthaltsortes oder Arbeitsplatzes oder unseres Kanzleisitzes wenden.<\/h6>\n\n\n\n<div style=\"height:40px\" aria-hidden=\"true\" class=\"wp-block-spacer\"><\/div>\n\n\n\n<h4 class=\"wp-block-heading\">Ausnahmen<\/h4>\n\n\n\n<h6 class=\"wp-block-heading has-small-font-size\">Das Recht auf L\u00f6schung besteht nicht, soweit die Verarbeitung erforderlich ist<br><br>zur Aus\u00fcbung des Rechts auf freie Meinungs\u00e4u\u00dferung und Information;<br><br>zur Erf\u00fcllung einer rechtlichen Verpflichtung, die die Verarbeitung nach dem Recht der Union oder der Mitgliedstaaten, dem der Verantwortliche unterliegt, erfordert, oder zur Wahrnehmung einer Aufgabe, die im \u00f6ffentlichen Interesse liegt oder in Aus\u00fcbung \u00f6ffentlicher Gewalt erfolgt, die dem Verantwortlichen \u00fcbertragen wurde;<br><br>aus Gr\u00fcnden des \u00f6ffentlichen Interesses im Bereich der \u00f6ffentlichen Gesundheit gem\u00e4\u00df Art. 9 Abs. 2 lit. h und i sowie Art. 9 Abs. 3 DSGVO;<br><br>f\u00fcr im \u00f6ffentlichen Interesse liegende Archivzwecke, wissenschaftliche oder historische Forschungszwecke oder f\u00fcr statistische Zwecke gem. Art. 89 Abs. 1 DSGVO, soweit das unter Abschnitt a) genannte Recht voraussichtlich die Verwirklichung der Ziele dieser Verarbeitung unm\u00f6glich macht oder ernsthaft beeintr\u00e4chtigt, oder<br><br>zur Geltendmachung, Aus\u00fcbung oder Verteidigung von Rechtsanspr\u00fcchen.<\/h6>\n\n\n\n<h5 class=\"wp-block-heading\">Kurze \u00dcbersicht der Daten und Verarbeitungsvorg\u00e4nge Um Ihnen die geforderte \u00dcbersichtlichkeit (gem. Artikel 12 DSGVO) bieten zu k\u00f6nnen, folgende \u00dcbersicht der Verarbeitungen:<\/h5>\n\n\n\n<div style=\"height:40px\" aria-hidden=\"true\" class=\"wp-block-spacer\"><\/div>\n\n\n\n<h4 class=\"wp-block-heading\">Arten der verarbeiteten Daten<\/h4>\n\n\n\n<h6 class=\"wp-block-heading has-small-font-size\">Nutzungsdaten bzw. Kommunikationsdaten (beim Abruf einer Internetseite, IP-Adresse, Ger\u00e4teinformation, Zugriffszeit und Zugriffszeitpunkt usw.)\u2013 Kontaktdaten bei Anmeldung oder Eingabe der Daten\u2013 Bestandsdaten (Name, Firma, Adresse usw.)\u2013 Kommunikationsdaten (ggf. Meta-Daten \u00fcber Anrufe, E-Mails)\u2013 Inhaltsdaten (insbesondere bei der Zusendung von E-Mails)<br><br>Au\u00dferdem (intern) noch folgende zus\u00e4tzliche Daten f\u00fcr unsere Kunden, Interessenten, Lieferanten und Gesch\u00e4ftspartner f\u00fcr die Erbringung von Leistungen im Bereich Angebots- und Vertragswesen, Service und Marketing, Direktwerbung und Kundenpflege:<br><br>&#8211; Vertragsdaten<br>&#8211; Bestandsdaten der Kunden (CRM)<br>&#8211; Zahlungsdaten<br>&#8211; Auftragsdaten und Rechnungsdaten.<\/h6>\n\n\n\n<div style=\"height:40px\" aria-hidden=\"true\" class=\"wp-block-spacer\"><\/div>\n\n\n\n<h4 class=\"wp-block-heading\">Zwecke<\/h4>\n\n\n\n<h6 class=\"wp-block-heading has-small-font-size\">&#8211; Betreiben der Webseite und Zur-Verf\u00fcgung-Stellen der Informationen<br>&#8211; Sicherstellung des Betriebs der Internetseite und unserer Systeme (z.B. Firewall)<br>&#8211; Kommunikation mit unseren Kunden<br>&#8211; Beantwortung von Anfragen<br>&#8211; Optimierung und Analyse der Webseite<br>&#8211; Zur-Verf\u00fcgung-Stellen von Informationen f\u00fcr unsere (potentiellen) Kunden und Lieferanten<\/h6>\n\n\n\n<div style=\"height:40px\" aria-hidden=\"true\" class=\"wp-block-spacer\"><\/div>\n\n\n\n<h4 class=\"wp-block-heading\">II F\u00fcr Webseitenbesucher<\/h4>\n\n\n\n<h4 class=\"wp-block-heading\">Betroffene Personen (Kategorien)<\/h4>\n\n\n\n<h6 class=\"wp-block-heading has-small-font-size\">Nutzer dieser Internetseite (auch Besucher genannt)<\/h6>\n\n\n\n<div style=\"height:40px\" aria-hidden=\"true\" class=\"wp-block-spacer\"><\/div>\n\n\n\n<h4 class=\"wp-block-heading\">Zwecke<\/h4>\n\n\n\n<h6 class=\"wp-block-heading has-small-font-size\">&#8211; Betreiben der Webseite und Zur-Verf\u00fcgung-Stellen der Informationen<br>&#8211; Sicherstellung des Betriebs der Internetseite und unserer Systeme (z.B. Firewall)<br>&#8211; Kommunikation mit unseren Kunden\/Bewerbern<br>&#8211; Optimierung und Analyse der Webseite<br>&#8211; Zur-Verf\u00fcgung-Stellen von Informationen f\u00fcr unsere (potentiellen) Kunden und Lieferanten<\/h6>\n\n\n\n<div style=\"height:40px\" aria-hidden=\"true\" class=\"wp-block-spacer\"><\/div>\n\n\n\n<h4 class=\"wp-block-heading\">Arten der verarbeiteten Daten<\/h4>\n\n\n\n<h6 class=\"wp-block-heading has-small-font-size\">&#8211; Nutzungsdaten bzw. Kommunikationsdaten (beim Abruf einer Internetseite, IP-Adresse, Ger\u00e4teinformation, Zugriffszeit und Zugriffszeitpunkt usw.)<br>&#8211; Kontaktdaten bei Anmeldung oder Eingabe der Daten<br>&#8211; Kommunikationsdaten (ggf. Meta-Daten \u00fcber Anrufe, E-Mails)<br>&#8211; Inhaltsdaten (insbesondere bei der Zusendung von E-Mails)<\/h6>\n\n\n\n<div style=\"height:40px\" aria-hidden=\"true\" class=\"wp-block-spacer\"><\/div>\n\n\n\n<h4 class=\"wp-block-heading\">Allgemeine Daten bei Aufruf der Seite<\/h4>\n\n\n\n<h6 class=\"wp-block-heading has-small-font-size\">(1) Bei der blo\u00df informatorischen Nutzung der Website, also wenn Sie sich nicht registrieren oder uns anderweitig Informationen \u00fcbermitteln, erheben wir nur die personenbezogenen Daten, die Ihr Browser an unseren Server \u00fcbermittelt. Wenn Sie unsere Website betrachten m\u00f6chten, erheben wir die folgenden Daten, die f\u00fcr uns technisch erforderlich sind, um Ihnen unsere Website anzuzeigen und die Stabilit\u00e4t und Sicherheit zu gew\u00e4hrleisten (Rechtsgrundlage ist Art. 6 Abs. 1 S. 1 lit. f DS-GVO):<br><br>&#8211; IP-Adresse\u2013 Datum und Uhrzeit der Anfrage<br>&#8211; Zeitzonendifferenz zur Greenwich Mean Time (GMT)<br>&#8211; Inhalt der Anforderung (konkrete Seite)<br>&#8211; Zugriffsstatus\/HTTP-Statuscode<br>&#8211; jeweils \u00fcbertragene Datenmenge, Website, von der die Anforderung kommt<br>&#8211; Browser<br>&#8211; Betriebssystem und dessen Oberfl\u00e4che<br>&#8211; Sprache und Version der Browsersoftware.<\/h6>\n\n\n\n<div style=\"height:40px\" aria-hidden=\"true\" class=\"wp-block-spacer\"><\/div>\n\n\n\n<h4 class=\"wp-block-heading\">Logfiles<\/h4>\n\n\n\n<h6 class=\"wp-block-heading has-small-font-size\">Die Speicherung in Logfiles erfolgt, um die Funktionsf\u00e4higkeit der Website sicherzustellen. Zudem dienen uns die Daten zur Optimierung der Website und zur Sicherstellung der Sicherheit unserer informationstechnischen Systeme. Eine Auswertung der Daten zu Marketingzwecken findet in diesem Zusammenhang nicht statt. In diesen Zwecken liegt auch unser berechtigtes Interesse an der Datenverarbeitung nach Art. 6 Abs. 1 lit. f DSGVO.<br><br>Die Daten werden gel\u00f6scht, sobald sie f\u00fcr die Erreichung des Zweckes ihrer Erhebung nicht mehr erforderlich sind.<br><br>Im Falle der Speicherung der Daten in Logfiles ist dies nach sp\u00e4testens sieben Tagen der Fall. Eine dar\u00fcberhinausgehende Speicherung ist m\u00f6glich. In diesem Fall werden die IP-Adressen der Nutzer gel\u00f6scht oder verfremdet, sodass eine Zuordnung des aufrufenden Clients nicht mehr m\u00f6glich ist.<\/h6>\n\n\n\n<div style=\"height:40px\" aria-hidden=\"true\" class=\"wp-block-spacer\"><\/div>\n\n\n\n<h4 class=\"wp-block-heading\">Cookies<\/h4>\n\n\n\n<h6 class=\"wp-block-heading has-small-font-size\">Internetseiten verwenden teilweise so genannte Cookies. Cookies richten auf Ihrem Rechner keinen Schaden an und enthalten keine Viren. Cookies dienen dazu, unser Angebot nutzerfreundlicher, effektiver und sicherer zu machen. Cookies sind kleine Textdateien, die auf Ihrem Rechner abgelegt werden und die Ihr Browser speichert. Die meisten der von uns verwendeten Cookies sind so genannte \u201eSession-Cookies\u201d. Sie werden nach Ende Ihres Besuchs automatisch gel\u00f6scht. Andere Cookies bleiben auf Ihrem Endger\u00e4t gespeichert bis Sie diese l\u00f6schen. Diese Cookies erm\u00f6glichen es uns, Ihren Browser beim n\u00e4chsten Besuch wiederzuerkennen. Sie k\u00f6nnen Ihren Browser so einstellen, dass Sie \u00fcber das Setzen von Cookies informiert werden und Cookies nur im Einzelfall erlauben, die Annahme von Cookies f\u00fcr bestimmte F\u00e4lle oder generell ausschlie\u00dfen sowie das automatische L\u00f6schen der Cookies beim Schlie\u00dfen des Browsers aktivieren. Bei der Deaktivierung von Cookies kann die Funktionalit\u00e4t dieser Website eingeschr\u00e4nkt sein.<br><br>Diese Website verwendet Cookies um eine einwandfreie Funktionalit\u00e4t zu gew\u00e4hrleisten. Cookies, f\u00fcr die Funktionalit\u00e4t der Website k\u00f6nnen nicht abgelehnt werden. Mit der weiteren Nutzung der Seite erkl\u00e4ren Sie sich mit der Verwendung von Cookies einverstanden.<\/h6>\n\n\n\n<div style=\"height:40px\" aria-hidden=\"true\" class=\"wp-block-spacer\"><\/div>\n\n\n\n<h4 class=\"wp-block-heading\">E-Mail-Kontakt<\/h4>\n\n\n\n<h6 class=\"wp-block-heading has-small-font-size\">Auf unserer Internetseite ist die E-Mail-Adresse info(at)lonkigraphics.de als Kontaktm\u00f6glichkeit hinterlegt. In diesem Fall werden die mit der E-Mail \u00fcbermittelten personenbezogenen Daten des Nutzers gespeichert.<br><br>Es erfolgt in diesem Zusammenhang keine Weitergabe der Daten an Dritte. Die Daten werden ausschlie\u00dflich f\u00fcr die Verarbeitung der Konversation verwendet.<\/h6>\n\n\n\n<div style=\"height:40px\" aria-hidden=\"true\" class=\"wp-block-spacer\"><\/div>\n\n\n\n<h4 class=\"wp-block-heading\">Einbindung von Diensten Dritter<\/h4>\n\n\n\n<h6 class=\"wp-block-heading has-small-font-size\">Wir binden keine Dienste Dritter ein.<\/h6>\n\n\n\n<div style=\"height:40px\" aria-hidden=\"true\" class=\"wp-block-spacer\"><\/div>\n\n\n\n<h4 class=\"wp-block-heading\">IV. F\u00fcr Kunden\/Lieferanten<\/h4>\n\n\n\n<h4 class=\"wp-block-heading\">Betroffene Personen (Kategorien)<\/h4>\n\n\n\n<h6 class=\"wp-block-heading has-small-font-size\">Kunden und deren Mitarbeiter\/Ansprechpartner\u2013 Lieferanten und deren Mitarbeiter<\/h6>\n\n\n\n<div style=\"height:40px\" aria-hidden=\"true\" class=\"wp-block-spacer\"><\/div>\n\n\n\n<h4 class=\"wp-block-heading\">Zwecke<\/h4>\n\n\n\n<h6 class=\"wp-block-heading has-small-font-size\">&#8211; Einkauf\/Verkauf\u2013 Vertrieb\/Marketing<br>&#8211; Kommunikation<br>&#8211; Anbahnung und Durchf\u00fchrung von vertraglichen Angelegenheiten (auch Angebote, Rechnungen, Anfragen usw.)<\/h6>\n\n\n\n<h4 class=\"wp-block-heading\">Empf\u00e4nger<\/h4>\n\n\n\n<h6 class=\"wp-block-heading has-small-font-size\">Im Zuge der Kooperation und Durchf\u00fchrung von Gesch\u00e4ften sind wir teilweise rechtlich gezwungen, die Daten an Stellen weiterzugeben.<\/h6>\n\n\n\n<h5 class=\"wp-block-heading\">Hierzu z\u00e4hlen insbesondere:<\/h5>\n\n\n\n<h6 class=\"wp-block-heading has-small-font-size\">&#8211; Steuerberater<br>&#8211; Anw\u00e4lte\/rechtliche Berater (im Bedarfsfall)<br>&#8211; Finanz- und Steuerbeh\u00f6rden<br>&#8211; \u00d6ffentliche Institutionen und Beh\u00f6rden, sofern notwendig.<br><br>Im \u00dcbrigen kann es durch den Einsatz von Software dazu kommen, dass Teile der Daten, die wir verarbeiten, in ein Drittland \u2013 konkret die USA \u2013 \u00fcbermittelt werden. Wir haben die notwendigen Ma\u00dfnahmen zum Schutz der personenbezogenen Daten ergriffen und entsprechende vertragliche Vereinbarungen getroffen.<\/h6>\n\n\n\n<div style=\"height:40px\" aria-hidden=\"true\" class=\"wp-block-spacer\"><\/div>\n\n\n\n<h4 class=\"wp-block-heading\">V. Stand der Datenschutzerkl\u00e4rung<\/h4>\n\n\n\n<h6 class=\"wp-block-heading has-small-font-size\">Die Datenschutzerkl\u00e4rung wird gelegentlich angepasst, um den \u00c4nderungen im Gesch\u00e4ftsprozess und der rechtlichen Seite entsprechen zu k\u00f6nnen. Sie finden den aktuellsten Stand immer auf der Internetseite.<br><br>Stand: Januar 2023<\/h6>\n\n\n\n<div style=\"height:200px\" aria-hidden=\"true\" class=\"wp-block-spacer\"><\/div>\n","protected":false},"excerpt":{"rendered":"<p>I Allgemeine Informationen Datenschutz ist ein wichtiges Thema. Im Folgenden informieren wir \u00fcber die Erhebung personenbezogener Daten bei der Nutzung unserer Website. \u201ePersonenbezogene Daten\u201c sind s\u00e4mtliche Daten, die auf Sie pers\u00f6nlich beziehbar sind. Verantwortlicher gem.\u00a0Art.\u00a04\u00a0Abs.\u00a07 DSGVOlonkigraphicsIlonka WilliamsLindenbergstra\u00dfe42499 H\u00fcckeswagen Mail: info(at)lonkigraphics.de Sollten Sie Fragen zur Verarbeitung, Sicherheit oder ein Auskunftsverlangen haben, wenden Sie sich bitte direkt [&hellip;]<\/p>\n","protected":false},"author":1,"featured_media":0,"parent":0,"menu_order":0,"comment_status":"closed","ping_status":"closed","template":"","meta":{"footnotes":""},"class_list":["post-616","page","type-page","status-publish","hentry"],"_links":{"self":[{"href":"https:\/\/lonkigraphics.de\/index.php?rest_route=\/wp\/v2\/pages\/616","targetHints":{"allow":["GET"]}}],"collection":[{"href":"https:\/\/lonkigraphics.de\/index.php?rest_route=\/wp\/v2\/pages"}],"about":[{"href":"https:\/\/lonkigraphics.de\/index.php?rest_route=\/wp\/v2\/types\/page"}],"author":[{"embeddable":true,"href":"https:\/\/lonkigraphics.de\/index.php?rest_route=\/wp\/v2\/users\/1"}],"replies":[{"embeddable":true,"href":"https:\/\/lonkigraphics.de\/index.php?rest_route=%2Fwp%2Fv2%2Fcomments&post=616"}],"version-history":[{"count":42,"href":"https:\/\/lonkigraphics.de\/index.php?rest_route=\/wp\/v2\/pages\/616\/revisions"}],"predecessor-version":[{"id":6413,"href":"https:\/\/lonkigraphics.de\/index.php?rest_route=\/wp\/v2\/pages\/616\/revisions\/6413"}],"wp:attachment":[{"href":"https:\/\/lonkigraphics.de\/index.php?rest_route=%2Fwp%2Fv2%2Fmedia&parent=616"}],"curies":[{"name":"wp","href":"https:\/\/api.w.org\/{rel}","templated":true}]}}